{"id":336817,"date":"2024-01-07T14:42:45","date_gmt":"2024-01-07T11:42:45","guid":{"rendered":"https:\/\/asociatiatheoris.ro\/medien-presse\/"},"modified":"2024-02-23T14:57:27","modified_gmt":"2024-02-23T11:57:27","slug":"medien-presse","status":"publish","type":"page","link":"https:\/\/asociatiatheoris.ro\/de\/medien-presse\/","title":{"rendered":"Medien \/ Presse"},"content":{"rendered":"<p>[et_pb_section fb_built=&#8221;1&#8243; fullwidth=&#8221;on&#8221; _builder_version=&#8221;4.23.4&#8243; _module_preset=&#8221;default&#8221; background_enable_color=&#8221;off&#8221; background_image=&#8221;https:\/\/asociatiatheoris.ro\/wp-content\/uploads\/banner-asociatia-theoris.jpg&#8221; custom_padding=&#8221;||||false|false&#8221; top_divider_height_tablet=&#8221;&#8221; top_divider_height_phone=&#8221;&#8221; top_divider_height_last_edited=&#8221;on|phone&#8221; bottom_divider_style=&#8221;curve2&#8243; bottom_divider_color=&#8221;#FFFFFF&#8221; bottom_divider_style_tablet=&#8221;curve2&#8243; bottom_divider_style_phone=&#8221;curve2&#8243; bottom_divider_style_last_edited=&#8221;on|phone&#8221; bottom_divider_height_tablet=&#8221;65px&#8221; bottom_divider_height_phone=&#8221;50px&#8221; bottom_divider_height_last_edited=&#8221;on|desktop&#8221; locked=&#8221;off&#8221; global_colors_info=&#8221;{}&#8221;][et_pb_fullwidth_slider _builder_version=&#8221;4.23.4&#8243; _module_preset=&#8221;default&#8221; header_line_height=&#8221;3em&#8221; background_color=&#8221;#4F5B94&#8243; custom_padding=&#8221;||0px|||&#8221; global_colors_info=&#8221;{}&#8221;][et_pb_slide heading=&#8221;Medien \/ Presse&#8221; _builder_version=&#8221;4.23.4&#8243; _module_preset=&#8221;default&#8221; header_level=&#8221;h1&#8243; header_font=&#8221;Jost|700|||||||&#8221; header_font_size=&#8221;50px&#8221; header_letter_spacing=&#8221;4px&#8221; custom_padding=&#8221;135px||||false|false&#8221; custom_padding_tablet=&#8221;135px||||false|false&#8221; custom_padding_phone=&#8221;135px||||false|false&#8221; custom_padding_last_edited=&#8221;on|desktop&#8221; header_font_size_tablet=&#8221;42px&#8221; header_font_size_phone=&#8221;27px&#8221; header_font_size_last_edited=&#8221;on|phone&#8221; header_line_height_tablet=&#8221;3.4em&#8221; header_line_height_phone=&#8221;4.3em&#8221; header_line_height_last_edited=&#8221;on|phone&#8221; global_colors_info=&#8221;{}&#8221; sticky_transition=&#8221;on&#8221;][\/et_pb_slide][\/et_pb_fullwidth_slider][\/et_pb_section][et_pb_section fb_built=&#8221;1&#8243; _builder_version=&#8221;4.23.4&#8243; _module_preset=&#8221;default&#8221; custom_padding=&#8221;||0px|||&#8221; global_colors_info=&#8221;{}&#8221;][et_pb_row _builder_version=&#8221;4.23.4&#8243; _module_preset=&#8221;default&#8221; global_colors_info=&#8221;{}&#8221;][et_pb_column type=&#8221;4_4&#8243; _builder_version=&#8221;4.23.4&#8243; _module_preset=&#8221;default&#8221; global_colors_info=&#8221;{}&#8221;][et_pb_text _builder_version=&#8221;4.23.4&#8243; _module_preset=&#8221;default&#8221; text_font=&#8221;Jost||||||||&#8221; text_font_size=&#8221;18px&#8221; global_colors_info=&#8221;{}&#8221;]<\/p>\n<p style=\"text-align: center;\">Artikel aus Medien \/ Presse \u00fcber den Fall Theoris<\/p>\n<p>[\/et_pb_text][\/et_pb_column][\/et_pb_row][\/et_pb_section][et_pb_section fb_built=&#8221;1&#8243; _builder_version=&#8221;4.23.4&#8243; _module_preset=&#8221;default&#8221; custom_padding=&#8221;0px||0px|||&#8221; hover_enabled=&#8221;0&#8243; custom_css_free_form=&#8221;@media all and (min-width: 980px) {|||| .listaarticole .et_pb_column {||   column-count:3;||  }||   .et_pb_module.et_pb_blurb{||    margin: 0.5em 0.5em 2em!important;||     display:flex;||     float:left;||     ||}||}||@media all and (max-width: 980px) {|||| .listaarticole .et_pb_column {||   column-count:2;}||   .et_pb_module.et_pb_blurb {||    margin: 0.5em 0.5em 2em!important;||}||  .listaarticole{||    width:95%!important;||  }||}||.listaarticole .et_pb_blurb_content{||-webkit-column-break-inside: avoid;||page-break-inside: avoid;||  break-inside: avoid;||  break-before:avoid;||page-break-after:avoid;||page-break-before:avoid;}||selector{||  margin-bottom:-10px;||}&#8221; global_colors_info=&#8221;{}&#8221; sticky_enabled=&#8221;0&#8243;][et_pb_row module_class=&#8221;listaarticole&#8221; _builder_version=&#8221;4.23.4&#8243; _module_preset=&#8221;default&#8221; custom_padding=&#8221;||0px|||&#8221; global_colors_info=&#8221;{}&#8221;][et_pb_column type=&#8221;4_4&#8243; _builder_version=&#8221;4.23.4&#8243; _module_preset=&#8221;default&#8221; global_colors_info=&#8221;{}&#8221;][et_pb_blurb title=&#8221;Ein fast 2 Jahre altes M\u00e4dchen k\u00e4mpft gegen den Krebs: &quot;Sie denkt bereits, dass das Leben so aussieht&quot;&#8221; url=&#8221;https:\/\/www.stirilekanald.ro\/o-fetita-de-apoape-2-ani-lupta-sa-invinga-cancerul-ea-deja-crede-ca-asa-arata-viata-20330705&#8243; url_new_window=&#8221;on&#8221; image=&#8221;https:\/\/asociatiatheoris.ro\/wp-content\/uploads\/theoris.jpeg&#8221; alt=&#8221;Immuntherapie f\u00fcr Theoris Darya &#8211; Theoris Verein&#8221; _builder_version=&#8221;4.23.4&#8243; _module_preset=&#8221;default&#8221; header_font=&#8221;Jost||||||||&#8221; header_font_size=&#8221;16px&#8221; body_font=&#8221;Jost|800|||||||&#8221; body_line_height=&#8221;1.5em&#8221; link_option_url=&#8221;https:\/\/www.stirilekanald.ro\/o-fetita-de-apoape-2-ani-lupta-sa-invinga-cancerul-ea-deja-crede-ca-asa-arata-viata-20330705&#8243; link_option_url_new_window=&#8221;on&#8221; header_font_size_tablet=&#8221;16px&#8221; header_font_size_phone=&#8221;12px&#8221; header_font_size_last_edited=&#8221;on|phone&#8221; body_font_size_tablet=&#8221;&#8221; body_font_size_phone=&#8221;9px&#8221; body_font_size_last_edited=&#8221;on|phone&#8221; custom_css_free_form=&#8221;selector .et_pb_blurb_container{||  padding:0 10px 5px;||  ||}||selector {||  -moz-box-shadow: 0px 0px 5px 0px rgba(0,0,0,0.3);||-webkit-box-shadow: 0px 0px 5px 0px rgba(0,0,0,0.3);||box-shadow: 0px 0px 5px 0px rgba(0,0,0,0.3);||}&#8221; border_radii=&#8221;on|10px|10px|10px|10px&#8221; global_colors_info=&#8221;{}&#8221;]<\/p>\n<p>https:\/\/www.stirilekanald.ro\/ <strong><br \/> 7. Juli 2023<\/strong><\/p>\n<p>[\/et_pb_blurb][et_pb_blurb title=&#8221;Das kleine M\u00e4dchen aus Ploie\u0219ti, Darya Theoris, k\u00e4mpft seit fast einem Jahr darum, den Krebs zu \u00fcberwinden. Mit zwei Jahren und drei Monaten ben\u00f6tigt das kleine M\u00e4dchen eine Transplantation.&#8221; url=&#8221;https:\/\/phonline.ro\/micuta-ploiesteanca-darya-theoris-lupta-de-aproape-un-an-sa-invinga-cancerul-la-doi-ani-si-trei-luni-fetita-are-nevoie-de-transplant\/&#8221; url_new_window=&#8221;on&#8221; image=&#8221;https:\/\/asociatiatheoris.ro\/wp-content\/uploads\/darya-1.jpeg&#8221; alt=&#8221;Immuntherapie f\u00fcr Theoris Darya &#8211; Theoris Verein&#8221; _builder_version=&#8221;4.23.4&#8243; _module_preset=&#8221;default&#8221; header_font=&#8221;Jost||||||||&#8221; header_font_size=&#8221;16px&#8221; body_font=&#8221;Jost|800|||||||&#8221; body_line_height=&#8221;1.5em&#8221; link_option_url=&#8221;https:\/\/phonline.ro\/micuta-ploiesteanca-darya-theoris-lupta-de-aproape-un-an-sa-invinga-cancerul-la-doi-ani-si-trei-luni-fetita-are-nevoie-de-transplant\/&#8221; link_option_url_new_window=&#8221;on&#8221; header_font_size_tablet=&#8221;16px&#8221; header_font_size_phone=&#8221;12px&#8221; header_font_size_last_edited=&#8221;on|phone&#8221; body_font_size_tablet=&#8221;&#8221; body_font_size_phone=&#8221;9px&#8221; body_font_size_last_edited=&#8221;on|phone&#8221; custom_css_free_form=&#8221;selector .et_pb_blurb_container{||  padding:0 10px 5px;||  ||}||selector {||  -moz-box-shadow: 0px 0px 5px 0px rgba(0,0,0,0.3);||-webkit-box-shadow: 0px 0px 5px 0px rgba(0,0,0,0.3);||box-shadow: 0px 0px 5px 0px rgba(0,0,0,0.3);||}&#8221; border_radii=&#8221;on|10px|10px|10px|10px&#8221; global_colors_info=&#8221;{}&#8221;]<\/p>\n<p>https:\/\/www.phonline.ro\/ <strong><br \/> 7. Dezember 2023<\/strong><\/p>\n<p>[\/et_pb_blurb][et_pb_blurb title=&#8221;Das kleine M\u00e4dchen aus Ploie\u0219ti, Darya Theoris, k\u00e4mpft seit fast einem Jahr darum, den Krebs zu \u00fcberwinden. Mit zwei Jahren und drei Monaten ben\u00f6tigt das kleine M\u00e4dchen eine Transplantation.&#8221; url=&#8221;https:\/\/www.observatorulph.ro\/social\/2706864-micuta-ploiesteanca-darya-theoris-lupta-de-aproape-un-an-sa-invinga-cancerul-la-doi-ani-si-trei-luni-fetita-are-nevoie-de-transplant&#8221; url_new_window=&#8221;on&#8221; image=&#8221;https:\/\/asociatiatheoris.ro\/wp-content\/uploads\/darya-1.jpeg&#8221; alt=&#8221;Immuntherapie f\u00fcr Theoris Darya &#8211; Theoris Verein&#8221; _builder_version=&#8221;4.23.4&#8243; _module_preset=&#8221;default&#8221; header_font=&#8221;Jost||||||||&#8221; header_font_size=&#8221;16px&#8221; body_font=&#8221;Jost|800|||||||&#8221; body_line_height=&#8221;1.5em&#8221; link_option_url=&#8221;https:\/\/www.observatorulph.ro\/social\/2706864-micuta-ploiesteanca-darya-theoris-lupta-de-aproape-un-an-sa-invinga-cancerul-la-doi-ani-si-trei-luni-fetita-are-nevoie-de-transplant&#8221; link_option_url_new_window=&#8221;on&#8221; header_font_size_tablet=&#8221;16px&#8221; header_font_size_phone=&#8221;12px&#8221; header_font_size_last_edited=&#8221;on|phone&#8221; body_font_size_tablet=&#8221;&#8221; body_font_size_phone=&#8221;9px&#8221; body_font_size_last_edited=&#8221;on|phone&#8221; custom_css_free_form=&#8221;selector .et_pb_blurb_container{||  padding:0 10px 5px;||  ||}||selector {||  -moz-box-shadow: 0px 0px 5px 0px rgba(0,0,0,0.3);||-webkit-box-shadow: 0px 0px 5px 0px rgba(0,0,0,0.3);||box-shadow: 0px 0px 5px 0px rgba(0,0,0,0.3);||}&#8221; border_radii=&#8221;on|10px|10px|10px|10px&#8221; global_colors_info=&#8221;{}&#8221;]<\/p>\n<p><strong>https:\/\/www.observatorulph.ro\/<br \/><\/strong>7. Dezember 2023<\/p>\n<p>[\/et_pb_blurb][et_pb_blurb title=&#8221;Das kleine M\u00e4dchen aus Ploiesti, Darya Theoris, stieg in das Flugzeug und kam sicher im Krankenhaus Bambino Gesu in Rom an.&#8221; url=&#8221;https:\/\/www.observatorulph.ro\/social\/2674497-micuta-ploiesteanca-darya-theoris-s-a-urcat-in-avion-si-a-ajuns-cu-bine-la-spitalul-bmabino-gesu-din-roma&#8221; url_new_window=&#8221;on&#8221; image=&#8221;https:\/\/asociatiatheoris.ro\/wp-content\/uploads\/darya-1-1.jpeg&#8221; alt=&#8221;Immuntherapie f\u00fcr Theoris Darya &#8211; Theoris Verein&#8221; _builder_version=&#8221;4.23.4&#8243; _module_preset=&#8221;default&#8221; header_font=&#8221;Jost||||||||&#8221; header_font_size=&#8221;16px&#8221; body_font=&#8221;Jost|800|||||||&#8221; body_line_height=&#8221;1.5em&#8221; link_option_url=&#8221;https:\/\/www.observatorulph.ro\/social\/2674497-micuta-ploiesteanca-darya-theoris-s-a-urcat-in-avion-si-a-ajuns-cu-bine-la-spitalul-bmabino-gesu-din-roma&#8221; link_option_url_new_window=&#8221;on&#8221; header_font_size_tablet=&#8221;16px&#8221; header_font_size_phone=&#8221;12px&#8221; header_font_size_last_edited=&#8221;on|phone&#8221; body_font_size_tablet=&#8221;&#8221; body_font_size_phone=&#8221;9px&#8221; body_font_size_last_edited=&#8221;on|phone&#8221; custom_css_free_form=&#8221;selector .et_pb_blurb_container{||  padding:0 10px 5px;||  ||}||selector {||  -moz-box-shadow: 0px 0px 5px 0px rgba(0,0,0,0.3);||-webkit-box-shadow: 0px 0px 5px 0px rgba(0,0,0,0.3);||box-shadow: 0px 0px 5px 0px rgba(0,0,0,0.3);||}&#8221; border_radii=&#8221;on|10px|10px|10px|10px&#8221; global_colors_info=&#8221;{}&#8221;]<\/p>\n<p>https:\/\/www.observatorulph.ro\/ <strong><br \/> 26. Januar 2023<\/strong><\/p>\n<p>[\/et_pb_blurb][et_pb_blurb title=&#8221;Das kleine M\u00e4dchen aus Ploiesti, Darya Theoris, bei dem Leuk\u00e4mie diagnostiziert wurde, hat die Herzen Hunderter von Menschen ber\u00fchrt. Alle wollen, dass das kleine M\u00e4dchen wieder gesund wird&#8221; url=&#8221;https:\/\/www.observatorulph.ro\/social\/2674147-micuta-ploiesteanca-darya-theoris-diagnosticata-cu-leucemie-a-sensibilizat-sute-de-oameni-cu-totii-o-vor-pe-fetita-sanatoasa-din-nou&#8221; url_new_window=&#8221;on&#8221; image=&#8221;https:\/\/asociatiatheoris.ro\/wp-content\/uploads\/94388daf-500f-4792-b9d8-ced4d90be3ce.jpeg&#8221; alt=&#8221;Immuntherapie f\u00fcr Theoris Darya &#8211; Theoris Verein&#8221; _builder_version=&#8221;4.23.4&#8243; _module_preset=&#8221;default&#8221; header_font=&#8221;Jost||||||||&#8221; header_font_size=&#8221;16px&#8221; body_font=&#8221;Jost|800|||||||&#8221; body_line_height=&#8221;1.5em&#8221; link_option_url=&#8221;https:\/\/www.observatorulph.ro\/social\/2674147-micuta-ploiesteanca-darya-theoris-diagnosticata-cu-leucemie-a-sensibilizat-sute-de-oameni-cu-totii-o-vor-pe-fetita-sanatoasa-din-nou&#8221; link_option_url_new_window=&#8221;on&#8221; header_font_size_tablet=&#8221;16px&#8221; header_font_size_phone=&#8221;12px&#8221; header_font_size_last_edited=&#8221;on|phone&#8221; body_font_size_tablet=&#8221;&#8221; body_font_size_phone=&#8221;9px&#8221; body_font_size_last_edited=&#8221;on|phone&#8221; custom_css_free_form=&#8221;selector .et_pb_blurb_container{||  padding:0 10px 5px;||  ||}||selector {||  -moz-box-shadow: 0px 0px 5px 0px rgba(0,0,0,0.3);||-webkit-box-shadow: 0px 0px 5px 0px rgba(0,0,0,0.3);||box-shadow: 0px 0px 5px 0px rgba(0,0,0,0.3);||}&#8221; border_radii=&#8221;on|10px|10px|10px|10px&#8221; global_colors_info=&#8221;{}&#8221;]<\/p>\n<p>https:\/\/www.observatorulph.ro\/ <strong><br \/> 23. Januar 2023<\/strong><\/p>\n<p>[\/et_pb_blurb][et_pb_blurb title=&#8221;Theoris Darya braucht Menschen mit einem gro\u00dfen Herzen, die ihr eine Chance im Leben geben! Das eineinhalb Jahre alte M\u00e4dchen k\u00e4mpft gegen den Krebs.&#8221; url=&#8221;https:\/\/yellow.ro\/theoris-darya-are-nevoie-de-oameni-cu-suflet-mare-pentru-a-i-da-o-sansa-la-viata-fetita-de-un-an-si-jumatate-se-lupta-cu-cancerul\/?utm_source=rss&amp;utm_medium=rss&amp;utm_campaign=theoris-darya-are-nevoie-de-oameni-cu-suflet-mare-pentru-a-i-da-o-sansa-la-viata-fetita-de-un-an-si-jumatate-se-lupta-cu-cancerul&#8221; url_new_window=&#8221;on&#8221; image=&#8221;https:\/\/asociatiatheoris.ro\/wp-content\/uploads\/94388daf-500f-4792-b9d8-ced4d90be3ce.jpeg&#8221; alt=&#8221;Immuntherapie f\u00fcr Theoris Darya &#8211; Theoris Verein&#8221; _builder_version=&#8221;4.23.4&#8243; _module_preset=&#8221;default&#8221; header_font=&#8221;Jost||||||||&#8221; header_font_size=&#8221;16px&#8221; body_font=&#8221;Jost|800|||||||&#8221; body_line_height=&#8221;1.5em&#8221; link_option_url=&#8221;https:\/\/yellow.ro\/theoris-darya-are-nevoie-de-oameni-cu-suflet-mare-pentru-a-i-da-o-sansa-la-viata-fetita-de-un-an-si-jumatate-se-lupta-cu-cancerul\/?utm_source=rss&amp;utm_medium=rss&amp;utm_campaign=theoris-darya-are-nevoie-de-oameni-cu-suflet-mare-pentru-a-i-da-o-sansa-la-viata-fetita-de-un-an-si-jumatate-se-lupta-cu-cancerul&#8221; link_option_url_new_window=&#8221;on&#8221; header_font_size_tablet=&#8221;16px&#8221; header_font_size_phone=&#8221;12px&#8221; header_font_size_last_edited=&#8221;on|phone&#8221; body_font_size_tablet=&#8221;&#8221; body_font_size_phone=&#8221;9px&#8221; body_font_size_last_edited=&#8221;on|phone&#8221; custom_css_free_form=&#8221;selector .et_pb_blurb_container{||  padding:0 10px 5px;||  ||}||selector {||  -moz-box-shadow: 0px 0px 5px 0px rgba(0,0,0,0.3);||-webkit-box-shadow: 0px 0px 5px 0px rgba(0,0,0,0.3);||box-shadow: 0px 0px 5px 0px rgba(0,0,0,0.3);||}&#8221; border_radii=&#8221;on|10px|10px|10px|10px&#8221; global_colors_info=&#8221;{}&#8221;]<\/p>\n<p>https:\/\/www.yellow.ro\/ <strong><br \/> 3. April 2023<\/strong><\/p>\n<p>[\/et_pb_blurb][et_pb_blurb title=&#8221;Ein eineinhalbj\u00e4hriges M\u00e4dchen, bei dem Leuk\u00e4mie diagnostiziert wurde, braucht Hilfe f\u00fcr die Behandlung. Die r\u00fchrende Botschaft des Vaters&#8221; url=&#8221;https:\/\/adevarul.ro\/stiri-locale\/ploiesti\/o-fetita-de-un-an-si-jumatate-diagnosticata-cu-2256386.html&#8221; url_new_window=&#8221;on&#8221; image=&#8221;https:\/\/asociatiatheoris.ro\/wp-content\/uploads\/index.webp&#8221; alt=&#8221;Immuntherapie f\u00fcr Theoris Darya &#8211; Theoris Verein&#8221; _builder_version=&#8221;4.23.4&#8243; _module_preset=&#8221;default&#8221; header_font=&#8221;Jost||||||||&#8221; header_font_size=&#8221;16px&#8221; body_font=&#8221;Jost|800|||||||&#8221; body_line_height=&#8221;1.5em&#8221; link_option_url=&#8221;https:\/\/adevarul.ro\/stiri-locale\/ploiesti\/o-fetita-de-un-an-si-jumatate-diagnosticata-cu-2256386.html&#8221; link_option_url_new_window=&#8221;on&#8221; header_font_size_tablet=&#8221;16px&#8221; header_font_size_phone=&#8221;12px&#8221; header_font_size_last_edited=&#8221;on|phone&#8221; body_font_size_tablet=&#8221;&#8221; body_font_size_phone=&#8221;9px&#8221; body_font_size_last_edited=&#8221;on|phone&#8221; custom_css_free_form=&#8221;selector .et_pb_blurb_container{||  padding:0 10px 5px;||  ||}||selector {||  -moz-box-shadow: 0px 0px 5px 0px rgba(0,0,0,0.3);||-webkit-box-shadow: 0px 0px 5px 0px rgba(0,0,0,0.3);||box-shadow: 0px 0px 5px 0px rgba(0,0,0,0.3);||}&#8221; border_radii=&#8221;on|10px|10px|10px|10px&#8221; global_colors_info=&#8221;{}&#8221;]<\/p>\n<p>https:\/\/www.adevarul.ro\/ <strong><br \/> 6. April 2023<\/strong><\/p>\n<p>[\/et_pb_blurb][et_pb_blurb title=&#8221;Das kleine M\u00e4dchen aus Ploie\u0219ti, Darya Theoris, k\u00e4mpft darum, den Krebs zu \u00fcberwinden. Im Rucksack auf dem Bild, obwohl sie nicht in den Kindergarten geht, befindet sich die Infusion, die ihr das Leben rettet.&#8221; url=&#8221;https:\/\/www.observatorulph.ro\/social\/2691022-micuta-ploiesteanca-darya-theoris-lupta-sa-invinga-cancerul-in-ghiozdanelul-din-imagine-cu-care-nu-ea-nu-merge-la-gradinita-se-afla-perfuzia-care-ii-salveaza-viata&#8221; url_new_window=&#8221;on&#8221; image=&#8221;https:\/\/asociatiatheoris.ro\/wp-content\/uploads\/theoris.jpeg&#8221; alt=&#8221;Immuntherapie f\u00fcr Theoris Darya &#8211; Theoris Verein&#8221; _builder_version=&#8221;4.23.4&#8243; _module_preset=&#8221;default&#8221; header_font=&#8221;Jost||||||||&#8221; header_font_size=&#8221;16px&#8221; body_font=&#8221;Jost|800|||||||&#8221; body_line_height=&#8221;1.5em&#8221; link_option_url=&#8221;https:\/\/www.observatorulph.ro\/social\/2691022-micuta-ploiesteanca-darya-theoris-lupta-sa-invinga-cancerul-in-ghiozdanelul-din-imagine-cu-care-nu-ea-nu-merge-la-gradinita-se-afla-perfuzia-care-ii-salveaza-viata&#8221; link_option_url_new_window=&#8221;on&#8221; header_font_size_tablet=&#8221;16px&#8221; header_font_size_phone=&#8221;12px&#8221; header_font_size_last_edited=&#8221;on|phone&#8221; body_font_size_tablet=&#8221;&#8221; body_font_size_phone=&#8221;9px&#8221; body_font_size_last_edited=&#8221;on|phone&#8221; custom_css_free_form=&#8221;selector .et_pb_blurb_container{||  padding:0 10px 5px;||  ||}||selector {||  -moz-box-shadow: 0px 0px 5px 0px rgba(0,0,0,0.3);||-webkit-box-shadow: 0px 0px 5px 0px rgba(0,0,0,0.3);||box-shadow: 0px 0px 5px 0px rgba(0,0,0,0.3);||}&#8221; border_radii=&#8221;on|10px|10px|10px|10px&#8221; global_colors_info=&#8221;{}&#8221;]<\/p>\n<p><strong>https:\/\/www.observatorulph.ro\/<br \/><\/strong>6. Juli 2023<\/p>\n<p>[\/et_pb_blurb][et_pb_blurb title=&#8221;Kinder aus Balta Doamnei, Wohlt\u00e4tigkeitsmesse zu Ostern. Das gesammelte Geld geht an Theoris und Darius, die an Leuk\u00e4mie erkrankten Kinder aus Ploiesti.&#8221; url=&#8221;https:\/\/www.observatorulph.ro\/social\/2682195-copiii-din-balta-doamnei-targ-caritabil-de-paste-banii-stransi-vor-ajunge-la-theoris-si-darius-micutii-ploiesteni-bolnavi-de-leucemie&#8221; url_new_window=&#8221;on&#8221; image=&#8221;https:\/\/asociatiatheoris.ro\/wp-content\/uploads\/bd12.jpeg&#8221; alt=&#8221;Immuntherapie f\u00fcr Theoris Darya &#8211; Theoris Verein&#8221; _builder_version=&#8221;4.23.4&#8243; _module_preset=&#8221;default&#8221; header_font=&#8221;Jost||||||||&#8221; header_font_size=&#8221;16px&#8221; body_font=&#8221;Jost|800|||||||&#8221; body_line_height=&#8221;1.5em&#8221; link_option_url=&#8221;https:\/\/www.observatorulph.ro\/social\/2682195-copiii-din-balta-doamnei-targ-caritabil-de-paste-banii-stransi-vor-ajunge-la-theoris-si-darius-micutii-ploiesteni-bolnavi-de-leucemie&#8221; link_option_url_new_window=&#8221;on&#8221; header_font_size_tablet=&#8221;16px&#8221; header_font_size_phone=&#8221;12px&#8221; header_font_size_last_edited=&#8221;on|phone&#8221; body_font_size_tablet=&#8221;&#8221; body_font_size_phone=&#8221;9px&#8221; body_font_size_last_edited=&#8221;on|phone&#8221; custom_css_free_form=&#8221;selector .et_pb_blurb_container{||  padding:0 10px 5px;||  ||}||selector {||  -moz-box-shadow: 0px 0px 5px 0px rgba(0,0,0,0.3);||-webkit-box-shadow: 0px 0px 5px 0px rgba(0,0,0,0.3);||box-shadow: 0px 0px 5px 0px rgba(0,0,0,0.3);||}&#8221; border_radii=&#8221;on|10px|10px|10px|10px&#8221; global_colors_info=&#8221;{}&#8221;]<\/p>\n<p>https:\/\/www.observatorulph.ro\/ <strong><br \/> 11. April 2023<\/strong><\/p>\n<p>[\/et_pb_blurb][et_pb_blurb title=&#8221;&quot;Unglaublich, wie viel Sch\u00f6nheit in den Menschen steckt. Wir verneigen uns vor dir!&quot; Das kleine M\u00e4dchen aus Ploiesti, Darya Theoris, bei dem Leuk\u00e4mie diagnostiziert wurde, wird n\u00e4chste Woche in das Kinderkrankenhaus in Rom gebracht.&#8221; url=&#8221;https:\/\/www.observatorulph.ro\/eveniment\/2673844-incredibil-cat-frumos-exista-in-oameni-ne-inclinam-in-fata-voastra-micuta-ploiesteanca-darya-theoris-diagnosticata-cu-leucemie-pleaca-saptamana-viitoare-catre-spitalul-de-cop&#8221; url_new_window=&#8221;on&#8221; image=&#8221;https:\/\/asociatiatheoris.ro\/wp-content\/uploads\/darya.jpeg&#8221; alt=&#8221;Immuntherapie f\u00fcr Theoris Darya &#8211; Theoris Verein&#8221; _builder_version=&#8221;4.23.4&#8243; _module_preset=&#8221;default&#8221; header_font=&#8221;Jost||||||||&#8221; header_font_size=&#8221;16px&#8221; body_font=&#8221;Jost|800|||||||&#8221; body_line_height=&#8221;1.5em&#8221; link_option_url=&#8221;https:\/\/www.observatorulph.ro\/eveniment\/2673844-incredibil-cat-frumos-exista-in-oameni-ne-inclinam-in-fata-voastra-micuta-ploiesteanca-darya-theoris-diagnosticata-cu-leucemie-pleaca-saptamana-viitoare-catre-spitalul-de-cop&#8221; link_option_url_new_window=&#8221;on&#8221; header_font_size_tablet=&#8221;16px&#8221; header_font_size_phone=&#8221;12px&#8221; header_font_size_last_edited=&#8221;on|phone&#8221; body_font_size_tablet=&#8221;&#8221; body_font_size_phone=&#8221;9px&#8221; body_font_size_last_edited=&#8221;on|phone&#8221; custom_css_free_form=&#8221;selector .et_pb_blurb_container{||  padding:0 10px 5px;||  ||}||selector {||  -moz-box-shadow: 0px 0px 5px 0px rgba(0,0,0,0.3);||-webkit-box-shadow: 0px 0px 5px 0px rgba(0,0,0,0.3);||box-shadow: 0px 0px 5px 0px rgba(0,0,0,0.3);||}&#8221; border_radii=&#8221;on|10px|10px|10px|10px&#8221; global_colors_info=&#8221;{}&#8221;]<\/p>\n<p>https:\/\/www.observatorulph.ro\/ <strong><br \/> 19. Januar 2023<\/strong><\/p>\n<p>[\/et_pb_blurb][et_pb_blurb title=&#8221;Das kleine M\u00e4dchen aus Ploiesti, Theoris Darya, k\u00e4mpft seit 11 Monaten gegen den Krebs. Das M\u00e4dchen braucht eine Transplantation.&#8221; url=&#8221;https:\/\/www.radardemedia.ro\/micuta-ploiesteanca-theoris-darya-lupta-de-11-luni-sa-invinga-cancerul-fetita-are-nevoie-de-transplant\/&#8221; url_new_window=&#8221;on&#8221; image=&#8221;https:\/\/asociatiatheoris.ro\/wp-content\/uploads\/94388daf-500f-4792-b9d8-ced4d90be3ce.jpeg&#8221; alt=&#8221;Immuntherapie f\u00fcr Theoris Darya &#8211; Theoris Verein&#8221; _builder_version=&#8221;4.23.4&#8243; _module_preset=&#8221;default&#8221; header_font=&#8221;Jost||||||||&#8221; header_font_size=&#8221;16px&#8221; body_font=&#8221;Jost|800|||||||&#8221; body_line_height=&#8221;1.5em&#8221; link_option_url=&#8221;https:\/\/www.radardemedia.ro\/micuta-ploiesteanca-theoris-darya-lupta-de-11-luni-sa-invinga-cancerul-fetita-are-nevoie-de-transplant\/&#8221; link_option_url_new_window=&#8221;on&#8221; header_font_size_tablet=&#8221;16px&#8221; header_font_size_phone=&#8221;12px&#8221; header_font_size_last_edited=&#8221;on|phone&#8221; body_font_size_tablet=&#8221;&#8221; body_font_size_phone=&#8221;9px&#8221; body_font_size_last_edited=&#8221;on|phone&#8221; custom_css_free_form=&#8221;selector .et_pb_blurb_container{||  padding:0 10px 5px;||  ||}||selector {||  -moz-box-shadow: 0px 0px 5px 0px rgba(0,0,0,0.3);||-webkit-box-shadow: 0px 0px 5px 0px rgba(0,0,0,0.3);||box-shadow: 0px 0px 5px 0px rgba(0,0,0,0.3);||}&#8221; border_radii=&#8221;on|10px|10px|10px|10px&#8221; global_colors_info=&#8221;{}&#8221;]<\/p>\n<p>https:\/\/www.radardemedia.ro\/ <strong><br \/> 5. Dezember 2023<\/strong><\/p>\n<p>[\/et_pb_blurb][et_pb_blurb title=&#8221;Theoris Darya braucht ein Osterwunder. Das eineinhalb Jahre alte M\u00e4dchen k\u00e4mpft gegen den Krebs. Die Botschaft eines verzweifelten Vaters&#8221; url=&#8221;https:\/\/www.fanatik.ro\/theoris-darya-are-nevoie-de-o-minune-de-paste-fetita-de-un-an-si-jumatate-se-lupta-cu-cancerul-mesajul-unui-tata-disperat-20352372&#8243; url_new_window=&#8221;on&#8221; image=&#8221;https:\/\/asociatiatheoris.ro\/wp-content\/uploads\/theoris-darya-cancer-3.webp&#8221; alt=&#8221;Immuntherapie f\u00fcr Theoris Darya &#8211; Theoris Verein&#8221; _builder_version=&#8221;4.23.4&#8243; _module_preset=&#8221;default&#8221; header_font=&#8221;Jost||||||||&#8221; header_font_size=&#8221;16px&#8221; body_font=&#8221;Jost|800|||||||&#8221; body_line_height=&#8221;1.5em&#8221; link_option_url=&#8221;https:\/\/www.fanatik.ro\/theoris-darya-are-nevoie-de-o-minune-de-paste-fetita-de-un-an-si-jumatate-se-lupta-cu-cancerul-mesajul-unui-tata-disperat-20352372&#8243; link_option_url_new_window=&#8221;on&#8221; header_font_size_tablet=&#8221;16px&#8221; header_font_size_phone=&#8221;12px&#8221; header_font_size_last_edited=&#8221;on|phone&#8221; body_font_size_tablet=&#8221;&#8221; body_font_size_phone=&#8221;9px&#8221; body_font_size_last_edited=&#8221;on|phone&#8221; custom_css_free_form=&#8221;selector .et_pb_blurb_container{||  padding:0 10px 5px;||  ||}||selector {||  -moz-box-shadow: 0px 0px 5px 0px rgba(0,0,0,0.3);||-webkit-box-shadow: 0px 0px 5px 0px rgba(0,0,0,0.3);||box-shadow: 0px 0px 5px 0px rgba(0,0,0,0.3);||}&#8221; border_radii=&#8221;on|10px|10px|10px|10px&#8221; global_colors_info=&#8221;{}&#8221;]<\/p>\n<p>https:\/\/www.fanatik.ro\/ <strong><br \/> 3. April 2023<\/strong><\/p>\n<p>[\/et_pb_blurb][et_pb_blurb title=&#8221;Martisoare f\u00fcr Darya Theoris, das kleine M\u00e4dchen aus Ploiesti mit der Diagnose Leuk\u00e4mie&#8221; url=&#8221;https:\/\/www.observatorulph.ro\/eveniment\/2677565-martisoare-pentru-darya-theoris-micuta-ploiesteanca-diagnosticata-cu-leucemie&#8221; url_new_window=&#8221;on&#8221; image=&#8221;https:\/\/asociatiatheoris.ro\/wp-content\/uploads\/dt7.jpeg&#8221; alt=&#8221;Immuntherapie f\u00fcr Theoris Darya &#8211; Theoris Verein&#8221; _builder_version=&#8221;4.23.4&#8243; _module_preset=&#8221;default&#8221; header_font=&#8221;Jost||||||||&#8221; header_font_size=&#8221;16px&#8221; body_font=&#8221;Jost|800|||||||&#8221; body_line_height=&#8221;1.5em&#8221; link_option_url=&#8221;https:\/\/www.observatorulph.ro\/eveniment\/2677565-martisoare-pentru-darya-theoris-micuta-ploiesteanca-diagnosticata-cu-leucemie&#8221; link_option_url_new_window=&#8221;on&#8221; header_font_size_tablet=&#8221;16px&#8221; header_font_size_phone=&#8221;12px&#8221; header_font_size_last_edited=&#8221;on|phone&#8221; body_font_size_tablet=&#8221;&#8221; body_font_size_phone=&#8221;9px&#8221; body_font_size_last_edited=&#8221;on|phone&#8221; custom_css_free_form=&#8221;selector .et_pb_blurb_container{||  padding:0 10px 5px;||  ||}||selector {||  -moz-box-shadow: 0px 0px 5px 0px rgba(0,0,0,0.3);||-webkit-box-shadow: 0px 0px 5px 0px rgba(0,0,0,0.3);||box-shadow: 0px 0px 5px 0px rgba(0,0,0,0.3);||}&#8221; border_radii=&#8221;on|10px|10px|10px|10px&#8221; global_colors_info=&#8221;{}&#8221;]<\/p>\n<p>https:\/\/www.observatorulph.ro\/ <strong><br \/> 24. Februar 2023<\/strong><\/p>\n<p>[\/et_pb_blurb][et_pb_blurb title=&#8221;Das kleine M\u00e4dchen aus Ploie\u0219ti, Darya Theoris, k\u00e4mpft seit zwei Monaten darum, den Krebs zu \u00fcberwinden. Das M\u00e4dchen wurde als &quot;Hochrisikopatientin&quot; eingestuft.&#8221; url=&#8221;https:\/\/www.observatorulph.ro\/social\/2681484-micuta-ploiesteanca-darya-theoris-lupta-de-doua-luni-sa-invinga-cancerul-fetita-a-fost-incadrata-ca-pacient-cu-risc-mare&#8221; url_new_window=&#8221;on&#8221; image=&#8221;https:\/\/asociatiatheoris.ro\/wp-content\/uploads\/DARYA-222.jpeg&#8221; alt=&#8221;Immuntherapie f\u00fcr Theoris Darya &#8211; Theoris Verein&#8221; _builder_version=&#8221;4.23.4&#8243; _module_preset=&#8221;default&#8221; header_font=&#8221;Jost||||||||&#8221; header_font_size=&#8221;16px&#8221; body_font=&#8221;Jost|800|||||||&#8221; body_line_height=&#8221;1.5em&#8221; link_option_url=&#8221;https:\/\/www.observatorulph.ro\/social\/2681484-micuta-ploiesteanca-darya-theoris-lupta-de-doua-luni-sa-invinga-cancerul-fetita-a-fost-incadrata-ca-pacient-cu-risc-mare&#8221; link_option_url_new_window=&#8221;on&#8221; header_font_size_tablet=&#8221;16px&#8221; header_font_size_phone=&#8221;12px&#8221; header_font_size_last_edited=&#8221;on|phone&#8221; body_font_size_tablet=&#8221;&#8221; body_font_size_phone=&#8221;9px&#8221; body_font_size_last_edited=&#8221;on|phone&#8221; custom_css_free_form=&#8221;selector .et_pb_blurb_container{||  padding:0 10px 5px;||  ||}||selector {||  -moz-box-shadow: 0px 0px 5px 0px rgba(0,0,0,0.3);||-webkit-box-shadow: 0px 0px 5px 0px rgba(0,0,0,0.3);||box-shadow: 0px 0px 5px 0px rgba(0,0,0,0.3);||}&#8221; border_radii=&#8221;on|10px|10px|10px|10px&#8221; global_colors_info=&#8221;{}&#8221;]<\/p>\n<p><strong>https:\/\/www.observatorulph.ro\/<br \/><\/strong>4. April 2023<\/p>\n<p>[\/et_pb_blurb][et_pb_blurb title=&#8221;&quot;Ihr Kind hat Krebs.&quot; Worte, die kein Elternteil jemals h\u00f6ren sollte. Das kleine M\u00e4dchen aus Ploiesti, Darya Theoris, gerade ein Jahr und vier Monate alt, braucht all die guten Menschen um sich herum.&#8221; url=&#8221;https:\/\/www.observatorulph.ro\/social\/2673767-copilul-dumneavoastra-are-cancer-cuvinte-pe-care-niciun-parinte-nu-ar-trebui-sa-le-auda-vreodata-ploiesteanca-darya-theoris-o-fetita-de-doar-un-an-si-patru-luni-are-nevoie-de-tot&#8221; url_new_window=&#8221;on&#8221; image=&#8221;https:\/\/asociatiatheoris.ro\/wp-content\/uploads\/94388daf-500f-4792-b9d8-ced4d90be3ce.jpeg&#8221; alt=&#8221;Immuntherapie f\u00fcr Theoris Darya &#8211; Theoris Verein&#8221; _builder_version=&#8221;4.23.4&#8243; _module_preset=&#8221;default&#8221; header_font=&#8221;Jost||||||||&#8221; header_font_size=&#8221;16px&#8221; body_font=&#8221;Jost|800|||||||&#8221; body_line_height=&#8221;1.5em&#8221; link_option_url=&#8221;https:\/\/www.observatorulph.ro\/social\/2673767-copilul-dumneavoastra-are-cancer-cuvinte-pe-care-niciun-parinte-nu-ar-trebui-sa-le-auda-vreodata-ploiesteanca-darya-theoris-o-fetita-de-doar-un-an-si-patru-luni-are-nevoie-de-tot&#8221; link_option_url_new_window=&#8221;on&#8221; header_font_size_tablet=&#8221;16px&#8221; header_font_size_phone=&#8221;12px&#8221; header_font_size_last_edited=&#8221;on|phone&#8221; body_font_size_tablet=&#8221;&#8221; body_font_size_phone=&#8221;9px&#8221; body_font_size_last_edited=&#8221;on|phone&#8221; custom_css_free_form=&#8221;selector .et_pb_blurb_container{||  padding:0 10px 5px;||  ||}||selector {||  -moz-box-shadow: 0px 0px 5px 0px rgba(0,0,0,0.3);||-webkit-box-shadow: 0px 0px 5px 0px rgba(0,0,0,0.3);||box-shadow: 0px 0px 5px 0px rgba(0,0,0,0.3);||}&#8221; border_radii=&#8221;on|10px|10px|10px|10px&#8221; global_colors_info=&#8221;{}&#8221;]<\/p>\n<p>https:\/\/www.observatorulph.ro\/ <strong><br \/> 18. Januar 2023<\/strong><\/p>\n<p>[\/et_pb_blurb][\/et_pb_column][\/et_pb_row][\/et_pb_section]<\/p>\n","protected":false},"excerpt":{"rendered":"<p>Artikel aus Medien \/ Presse \u00fcber den Fall Theorishttps:\/\/www.stirilekanald.ro\/ 7. Juli 2023https:\/\/www.phonline.ro\/ 7. Dezember 2023https:\/\/www.observatorulph.ro\/7. Dezember 2023https:\/\/www.observatorulph.ro\/ 26. Januar 2023https:\/\/www.observatorulph.ro\/ 23. Januar 2023https:\/\/www.yellow.ro\/ 3. April 2023https:\/\/www.adevarul.ro\/ 6. April 2023https:\/\/www.observatorulph.ro\/6. Juli 2023https:\/\/www.observatorulph.ro\/ 11. April 2023https:\/\/www.observatorulph.ro\/ 19. Januar 2023https:\/\/www.radardemedia.ro\/ 5. Dezember 2023https:\/\/www.fanatik.ro\/ 3. April 2023https:\/\/www.observatorulph.ro\/ 24. Februar 2023https:\/\/www.observatorulph.ro\/4. April 2023https:\/\/www.observatorulph.ro\/ 18. Januar 2023<\/p>\n","protected":false},"author":1,"featured_media":0,"parent":0,"menu_order":0,"comment_status":"closed","ping_status":"closed","template":"","meta":{"_et_pb_use_builder":"on","_et_pb_old_content":"","_et_gb_content_width":"","footnotes":""},"_links":{"self":[{"href":"https:\/\/asociatiatheoris.ro\/de\/wp-json\/wp\/v2\/pages\/336817"}],"collection":[{"href":"https:\/\/asociatiatheoris.ro\/de\/wp-json\/wp\/v2\/pages"}],"about":[{"href":"https:\/\/asociatiatheoris.ro\/de\/wp-json\/wp\/v2\/types\/page"}],"author":[{"embeddable":true,"href":"https:\/\/asociatiatheoris.ro\/de\/wp-json\/wp\/v2\/users\/1"}],"replies":[{"embeddable":true,"href":"https:\/\/asociatiatheoris.ro\/de\/wp-json\/wp\/v2\/comments?post=336817"}],"version-history":[{"count":5,"href":"https:\/\/asociatiatheoris.ro\/de\/wp-json\/wp\/v2\/pages\/336817\/revisions"}],"predecessor-version":[{"id":336822,"href":"https:\/\/asociatiatheoris.ro\/de\/wp-json\/wp\/v2\/pages\/336817\/revisions\/336822"}],"wp:attachment":[{"href":"https:\/\/asociatiatheoris.ro\/de\/wp-json\/wp\/v2\/media?parent=336817"}],"curies":[{"name":"wp","href":"https:\/\/api.w.org\/{rel}","templated":true}]}}